{"id":614,"date":"2022-02-11T12:26:46","date_gmt":"2022-02-11T11:26:46","guid":{"rendered":"https:\/\/www.graf-verpackungen.de\/products\/topfrisch-arcata-_clone\/"},"modified":"2022-05-25T07:56:52","modified_gmt":"2022-05-25T05:56:52","slug":"datenschutz","status":"publish","type":"page","link":"https:\/\/www.graf-verpackungen.de\/en\/datenschutz\/","title":{"rendered":"Datenschutz"},"content":{"rendered":"<p>[et_pb_section fb_built=&#8220;1&#8243; admin_label=&#8220;Header&#8220; _builder_version=&#8220;4.16&#8243; background_color=&#8220;rgba(255,255,255,0)&#8220; background_color_gradient_direction=&#8220;188deg&#8220; background_color_gradient_start=&#8220;#ffffff&#8220; background_color_gradient_end=&#8220;rgba(255,255,255,0)&#8220; background_enable_image=&#8220;off&#8220; width=&#8220;100%&#8220; max_width=&#8220;100%&#8220; max_width_tablet=&#8220;&#8220; max_width_phone=&#8220;&#8220; max_width_last_edited=&#8220;on|desktop&#8220; min_height=&#8220;393.8px&#8220; height=&#8220;454px&#8220; custom_padding=&#8220;0px||0px||true|false&#8220; da_disable_devices=&#8220;off|off|off&#8220; border_style_all=&#8220;none&#8220; global_colors_info=&#8220;{}&#8220; da_is_popup=&#8220;off&#8220; da_exit_intent=&#8220;off&#8220; da_has_close=&#8220;on&#8220; da_alt_close=&#8220;off&#8220; da_dark_close=&#8220;off&#8220; da_not_modal=&#8220;on&#8220; da_is_singular=&#8220;off&#8220; da_with_loader=&#8220;off&#8220; da_has_shadow=&#8220;on&#8220;][et_pb_row column_structure=&#8220;1_2,1_2&#8243; custom_padding_last_edited=&#8220;off|phone&#8220; padding_top_bottom_link_1=&#8220;true&#8220; padding_left_right_link_1=&#8220;true&#8220; _builder_version=&#8220;4.16&#8243; background_position=&#8220;bottom_center&#8220; width=&#8220;100%&#8220; max_width=&#8220;100%&#8220; min_height=&#8220;106px&#8220; height=&#8220;309px&#8220; custom_margin=&#8220;3vw||||false|false&#8220; custom_margin_tablet=&#8220;-2vw||||false|false&#8220; custom_margin_phone=&#8220;16vw||||false|false&#8220; custom_margin_last_edited=&#8220;on|phone&#8220; custom_padding_tablet=&#8220;17vw||17vw||false&#8220; use_custom_width=&#8220;on&#8220; width_unit=&#8220;off&#8220; custom_width_percent=&#8220;100%&#8220; global_colors_info=&#8220;{}&#8220;][et_pb_column type=&#8220;1_2&#8243; _builder_version=&#8220;4.16&#8243; custom_padding=&#8220;|||&#8220; custom_padding_tablet=&#8220;60px||60px||true&#8220; custom_padding_phone=&#8220;0px||0px||true|false&#8220; custom_padding_last_edited=&#8220;on|phone&#8220; global_colors_info=&#8220;{}&#8220; custom_padding__hover=&#8220;|||&#8220;][et_pb_text content_tablet=&#8220;<\/p>\n<h1 style=%22text-align: center;%22><span style=%22color: #ffffff;%22><span style=%22font-family: inherit;%22><strong><span style=%22font-size: xx-large;%22>Herzlich willkommen<br \/><\/span><\/strong><span style=%22font-family: Montserrat;%22><span style=%22font-size: xx-large;%22><span style=%22font-size: medium;%22>in der Welt der Einwickelpapiere<\/span><\/span><span style=%22font-size: xx-large;%22><br \/><span style=%22font-size: medium;%22>f\u00fcr Fleisch, Wurst, K\u00e4se, Fisch, Burger &#038; <\/span><\/span><span style=%22font-size: xx-large;%22><span style=%22font-size: medium;%22>Snacks to go!<\/span><\/span><\/span><\/span><span style=%22font-family: Montserrat;%22><span style=%22font-size: xx-large;%22><\/span><\/span><span style=%22font-family: inherit;%22><span style=%22font-size: xx-large; font-family: Montserrat;%22><\/span><strong><span style=%22font-size: xx-large;%22><br \/><\/span><\/strong><\/span><\/span><\/h1>\n<p>&#8220; content_phone=&#8220;<\/p>\n<h3 style=%22text-align: center;%22><span style=%22color: #ffffff;%22><span style=%22font-family: inherit;%22><strong><span style=%22font-size: large;%22>Datenschutzerkl\u00e4rung<\/span><\/strong><\/span><span style=%22font-family: inherit;%22><strong><span style=%22font-size: xx-large;%22><\/span><\/strong><\/span><\/span><\/h3>\n<p>&#8220; content_last_edited=&#8220;on|phone&#8220; _builder_version=&#8220;4.16&#8243; text_font=&#8220;Verdana||||||||&#8220; text_text_color=&#8220;#0c71c3&#8243; text_line_height=&#8220;1.1em&#8220; header_font=&#8220;||||||||&#8220; header_2_font=&#8220;Allura||||||||&#8220; header_2_font_size=&#8220;18vw&#8220; header_2_line_height=&#8220;1.2em&#8220; transform_scale_tablet=&#8220;&#8220; transform_scale_phone=&#8220;130%|130%&#8220; transform_scale_last_edited=&#8220;on|phone&#8220; transform_translate_tablet=&#8220;&#8220; transform_translate_phone=&#8220;&#8220; transform_translate_last_edited=&#8220;on|phone&#8220; transform_translate_linked=&#8220;off&#8220; transform_rotate_tablet=&#8220;&#8220; transform_rotate_phone=&#8220;&#8220; transform_rotate_last_edited=&#8220;on|phone&#8220; transform_skew_tablet=&#8220;&#8220; transform_skew_phone=&#8220;&#8220; transform_skew_last_edited=&#8220;on|phone&#8220; transform_origin_tablet=&#8220;&#8220; transform_origin_phone=&#8220;&#8220; transform_origin_last_edited=&#8220;on|phone&#8220; transform_styles_last_edited=&#8220;on|phone&#8220; max_width=&#8220;100%&#8220; max_width_tablet=&#8220;70%&#8220; max_width_phone=&#8220;100%&#8220; max_width_last_edited=&#8220;on|phone&#8220; module_alignment=&#8220;center&#8220; min_height=&#8220;62px&#8220; height=&#8220;159px&#8220; custom_margin=&#8220;6vw||||false|false&#8220; custom_margin_tablet=&#8220;1vw||||false|false&#8220; custom_margin_phone=&#8220;0vw||-38px||false|false&#8220; custom_margin_last_edited=&#8220;on|phone&#8220; custom_padding=&#8220;||0px|||&#8220; animation_style=&#8220;slide&#8220; animation_direction=&#8220;top&#8220; animation_duration=&#8220;800ms&#8220; header_2_font_size_tablet=&#8220;&#8220; header_2_font_size_phone=&#8220;&#8220; header_2_font_size_last_edited=&#8220;on|phone&#8220; transform_styles_tablet=&#8220;&#8220; transform_styles_phone=&#8220;&#8220; text_text_shadow_style=&#8220;preset2&#8243; text_text_shadow_color=&#8220;rgba(0,0,0,0.18)&#8220; border_color_all=&#8220;#383838&#8243; inline_fonts=&#8220;Abel,Arial,Montserrat,Verdana&#8220; global_colors_info=&#8220;{}&#8220;]<\/p>\n<h1 style=\"text-align: center;\"><span style=\"color: #ffffff;\"><span style=\"font-family: inherit;\"><span style=\"font-size: xx-large;\"><strong>Datenschutzerkl\u00e4rung<\/strong><\/span><\/span><span style=\"font-family: inherit;\"><strong><span style=\"font-size: xx-large;\"><\/span><\/strong><\/span><\/span><\/h1>\n<p>[\/et_pb_text][\/et_pb_column][et_pb_column type=&#8220;1_2&#8243; _builder_version=&#8220;4.16&#8243; custom_padding=&#8220;|||&#8220; custom_padding_tablet=&#8220;60px||60px||true&#8220; custom_padding_phone=&#8220;0px||0px||true|false&#8220; custom_padding_last_edited=&#8220;on|phone&#8220; global_colors_info=&#8220;{}&#8220; custom_padding__hover=&#8220;|||&#8220;][et_pb_image src=&#8220;https:\/\/www.graf-verpackungen.de\/wp-content\/uploads\/2022\/01\/btnLi-Header-Graf.png&#8220; title_text=&#8220;btnLi-Header Graf&#8220; align=&#8220;center&#8220; _builder_version=&#8220;4.16&#8243; _module_preset=&#8220;default&#8220; transform_scale_tablet=&#8220;&#8220; transform_scale_phone=&#8220;94%|94%&#8220; transform_scale_last_edited=&#8220;on|phone&#8220; transform_translate_tablet=&#8220;&#8220; transform_translate_phone=&#8220;&#8220; transform_translate_last_edited=&#8220;on|phone&#8220; transform_rotate_tablet=&#8220;&#8220; transform_rotate_phone=&#8220;&#8220; transform_rotate_last_edited=&#8220;on|phone&#8220; transform_skew_tablet=&#8220;&#8220; transform_skew_phone=&#8220;&#8220; transform_skew_last_edited=&#8220;on|phone&#8220; transform_origin_tablet=&#8220;&#8220; transform_origin_phone=&#8220;&#8220; transform_origin_last_edited=&#8220;on|phone&#8220; transform_styles_last_edited=&#8220;on|phone&#8220; height=&#8220;230px&#8220; custom_margin_tablet=&#8220;&#8220; custom_margin_phone=&#8220;-130px||||false|false&#8220; custom_margin_last_edited=&#8220;on|phone&#8220; animation_style=&#8220;slide&#8220; animation_direction=&#8220;bottom&#8220; animation_duration=&#8220;800ms&#8220; transform_styles_tablet=&#8220;&#8220; transform_styles_phone=&#8220;&#8220; global_colors_info=&#8220;{}&#8220;][\/et_pb_image][\/et_pb_column][\/et_pb_row][\/et_pb_section][et_pb_section fb_built=&#8220;1&#8243; _builder_version=&#8220;4.16&#8243; _module_preset=&#8220;default&#8220; background_color=&#8220;rgba(255,255,255,0.88)&#8220; da_disable_devices=&#8220;off|off|off&#8220; global_colors_info=&#8220;{}&#8220; da_is_popup=&#8220;off&#8220; da_exit_intent=&#8220;off&#8220; da_has_close=&#8220;on&#8220; da_alt_close=&#8220;off&#8220; da_dark_close=&#8220;off&#8220; da_not_modal=&#8220;on&#8220; da_is_singular=&#8220;off&#8220; da_with_loader=&#8220;off&#8220; da_has_shadow=&#8220;on&#8220;][et_pb_row _builder_version=&#8220;4.16&#8243; _module_preset=&#8220;default&#8220; custom_margin_tablet=&#8220;&#8220; custom_margin_phone=&#8220;||||false|false&#8220; custom_margin_last_edited=&#8220;on|phone&#8220; global_colors_info=&#8220;{}&#8220;][et_pb_column type=&#8220;4_4&#8243; _builder_version=&#8220;4.16&#8243; _module_preset=&#8220;default&#8220; custom_padding=&#8220;49px|30px||30px|false|false&#8220; global_colors_info=&#8220;{}&#8220;][et_pb_text _builder_version=&#8220;4.17.4&#8243; _module_preset=&#8220;default&#8220; custom_margin=&#8220;-99px||||false|false&#8220; hover_enabled=&#8220;0&#8243; global_colors_info=&#8220;{}&#8220; sticky_enabled=&#8220;0&#8243;]<\/p>\n<p><span style=\"text-decoration: underline; color: #696969;\"><b>Verantwortlich f\u00fcr den Inhalt des Internetauftrittes \u201ewww.graf-verpackungen.de&#8220;<\/b><\/span><\/p>\n<p><span style=\"color: #696969;\"><b>Firmenbezeichnung<\/b><\/span><br \/><span style=\"color: #696969;\">Graf Verpackungen GmbH<\/span><\/p>\n<p><span style=\"color: #696969;\"><b>Gesch\u00e4ftsf\u00fchrende Gesellschafterin<\/b><\/span><br \/><span style=\"color: #696969;\">Frau Grundrun Adelhof<\/span><br \/><span style=\"color: #696969;\">(im Folgenden Betreiberin genannt)<\/span><\/p>\n<p><span style=\"color: #696969;\"><b>Anschrift<\/b><\/span><br \/><span style=\"color: #696969;\">Amperestra\u00dfe 7<br \/>D-91550 Dinkelsb\u00fchl<\/span><\/p>\n<p><span style=\"color: #696969;\"><b>Kontakt<\/b><\/span><br \/><span style=\"color: #696969;\">Fon +49 (0) 98 51 55 14 70<\/span><br \/><span style=\"color: #696969;\">Fax +49 (0) 98 5 55 14 75<\/span><br \/><span style=\"color: #696969;\">E-Mail: <a href=\"mailto:kontakt@graf-verpackungen.de\">kontakt@graf-verpackungen.de<\/a><\/span><\/p>\n<p><span style=\"color: #696969;\"><strong>Konzeption und Realisation<\/strong><br \/>BiSe grafic &amp; more, 38379 Wolsdorf<\/span><\/p>\n<p><a href=\"https:\/\/www.pixabay.com\" target=\"_blank\" rel=\"noopener\">Bildquellen: www.pixabay.com<\/a><\/p>\n<p><span style=\"color: #696969;\"><\/span><\/p>\n<p><span style=\"color: #696969;\"><\/span><\/p>\n<p><span style=\"color: #696969;\"><strong>Gegenstand dieser Datenschutzerkl\u00e4rung<br \/><\/strong>In dieser Datenschutzerkl\u00e4rung sind die Grunds\u00e4tze zusammengefasst, wie wir mit personenbezogenen Daten verfahren, die uns bekannt werden, wenn Sie unsere Internetseiten und damit verbundene Dienstleistungen nutzen.<\/span><\/p>\n<p><span style=\"color: #696969;\"><strong>Erhebung pers\u00f6nlicher Daten<\/strong><\/span><br \/><span style=\"color: #696969;\">Die Betreiberin des Internetauftrittes \u201ewww.graf-verpackungen.de&#8220; erhebt personenbezogene Daten, wenn Sie uns via E-Mail kontaktieren. Wir bitten Sie ggf. Ihren Namen, Ihre E-Mailadresse, Geschlecht und Wohnort anzugeben. In jedem Falle ist uns nach dem Erhalt dieser Informationen Ihre Identit\u00e4t bekannt.<\/span><\/p>\n<p><span style=\"color: #696969;\">Der Hoster unserer Internetseiten, die STRATO AG, Otto-Ostrowski-Stra\u00dfe 7, 10249 Berlin erhebt und speichert automatisch Informationen, die Ihr Browser bei einem Besuch unserer Internetseiten \u00fcbermittelt. Dabei handelt es sich insbesondere um Ihre IP-Adresse und die von Ihnen aufgerufenen Seiten sowie u.a. das Zugriffsdatum und die eingesetzte Browsersoftware.<\/span><\/p>\n<p><span style=\"color: #696969;\">Eine Weiterverarbeitung und Auswertung dieser Daten erfolgt nur in anonymisierter Form zu statistischen Zwecken, zur Fehlerermittlung und zur Ermittlung von Einbruchsverfahren.<\/span><\/p>\n<p><span style=\"color: #696969;\">Mehr Informationen zum Datenschutz der STRATO AG erhalten Sie unter <a href=\"https:\/\/www.strato.de\/datenschutz\/\" target=\"_blank\" rel=\"noopener\" style=\"color: #696969;\">https:\/\/www.strato.de\/datenschutz<\/a>.<\/span><\/p>\n<p><span style=\"color: #696969;\"><strong>Nutzung Ihrer pers\u00f6nlichen Daten <\/strong><\/span><br \/><span style=\"color: #696969;\">Die erhobenen Daten werden ausschlie\u00dflich f\u00fcr grundlegende Zwecke verwendet:<\/span><\/p>\n<p><span style=\"color: #696969;\">&#8211; um Sie, Ihr Einverst\u00e4ndnis vorausgesetzt, \u00fcber spezielle Angebote oder wichtige Themen zu informieren<\/span><\/p>\n<p><span style=\"color: #696969;\">&#8211; um die Inhalte unserer Internetseiten auf Ihre pers\u00f6nlichen Interessen auszurichten<\/span><\/p>\n<p><span style=\"color: #696969;\">&#8211; um Bestellungen von Angeboten oder Dienstleistungen abzuwickeln<\/span><\/p>\n<p><span style=\"color: #696969;\"><strong>\u00dcbermittlung Ihrer Daten an Dritte<\/strong><\/span><br \/><span style=\"color: #696969;\">Die Betreiberin des Internetauftrittes \u201ewww.graf-verpackungen.de&#8220; wird Ihre personenbezogenen Daten nur unter folgenden Voraussetzungen an Dritte weitergeben:<\/span><\/p>\n<p><span style=\"color: #696969;\">&#8211; wenn Sie der \u00dcbermittlung zugestimmt haben<\/span><\/p>\n<p><span style=\"color: #696969;\">&#8211; wenn dies zur Durchf\u00fchrung der Angebote oder Services, die Sie in Anspruch nehmen wollen, notwendig ist<\/span><\/p>\n<p><span style=\"color: #696969;\">&#8211; um Bestellungen f\u00fcr Angebote oder Dienstleistungen abzuwickeln<\/span><\/p>\n<p><span style=\"color: #696969;\">Ausgenommen hiervon sind zwingende Rechtsvorschriften oder Verst\u00f6\u00dfe gegen Nutzungsbedingungen:<\/span><\/p>\n<p><span style=\"color: #696969;\">&#8211; wenn eine vollstreckbare beh\u00f6rdliche oder gerichtliche Anordnung vorliegt<\/span><\/p>\n<p><span style=\"color: #696969;\">&#8211; bei missbr\u00e4uchlicher Verwendung unserer Angebote oder Dienstleistungen, insbesondere zur Unterbindung eines Einbruchversuchs<\/span><\/p>\n<p><span style=\"color: #696969;\">&#8211; sofern wir gesetzlich oder per Gerichtsbeschluss dazu verpflichtet sind, werden Ihre Daten an auskunftsberechtigte Stellen \u00fcbermittelt<\/span><\/p>\n<p><span style=\"color: #696969;\"><strong>Sie entscheiden<\/strong><\/span><br \/><span style=\"color: #696969;\">Soweit Sie in eine bestimmte Nutzung Ihrer Daten einwilligen, ist diese Erkl\u00e4rung jederzeit widerruflich. Insbesondere haben Sie die freie Wahl, ob Sie weiterhin \u00fcber Spezialangebote und neue Produkte\/Dienstleistungen unterrichtet werden wollen.<\/span><\/p>\n<p><span style=\"color: #696969;\"><strong>Sicherheit<\/strong><\/span><br \/><span style=\"color: #696969;\">Die Betreiberin des Internetauftrittes \u201ewww.graf-verpackungen.de&#8220; bem\u00fcht sich, Ihre pers\u00f6nlichen Informationen vor Verlust, Missbrauch, ungenehmigtem Zugang, Offenlegung, \u00c4nderung oder Zerst\u00f6rung zu sch\u00fctzen. Ihre Daten sind zur Wahrung der Vertraulichkeit und Sicherheit durch ein Passwort gesch\u00fctzt.<\/span><\/p>\n<p><span style=\"color: #696969;\">Bei einigen Dienstleistungen benutzt die Betreiberin des Internetauftritts \u201ewww.graf-verpackungen.de&#8220; zus\u00e4tzlich eine sichere SSL-Verschl\u00fcsselungstechnik bei der \u00dcbermittlung von Daten.<\/span><\/p>\n<p><span style=\"color: #696969;\"><strong>Technischer Datenschutz<\/strong><\/span><br \/><span style=\"color: #696969;\">Die Betreiberin des Internetauftrittes \u201ewww.graf-verpackungen.de&#8220; h\u00e4lt sein Betriebssystem technisch auf dem aktuellsten Sicherheitsstand. Die mit der technischen Wartung des Systems befassten Mitarbeiter und Dritte sind dar\u00fcber hinaus zur Verschwiegenheit verpflichtet.<\/span><\/p>\n<p><span style=\"color: #696969;\"><strong>Auskunftsrecht<\/strong><\/span><br \/><span style=\"color: #696969;\">Die Betreiberin des Internetauftrittes \u201ewww.graf-verpackungen.de&#8220; verpflichtet sich, Ihnen Auskunft \u00fcber Ihre personenbezogenen Daten zu erteilen. Damit der Missbrauch ausgeschlossen ist, wird diese Auskunft ausschlie\u00dflich auf dem Postweg erteilt.<\/span><\/p>\n<p><span style=\"color: #696969;\"><strong>Datenschutzerkl\u00e4rung f\u00fcr Google<\/strong><\/span><br \/><span style=\"color: #696969;\">Unsere Internetseite kann \u00fcber bestimmte Funktionen von Google Inc., 1600 Amphitheatre Parkway, Mountain View, CA 94043, USA, besucht werden. Bei Aufruf unserer Seiten \u00fcber die Google Suche, wird eine Verbindung zwischen Ihrem Browser und den Servern von Google aufgebaut. Dabei werden Ihre Daten an Google \u00fcbertragen. Wenn Sie einen Google-Account besitzen, k\u00f6nnen diese Daten damit verkn\u00fcpft werden. Wenn Sie keine Zuordnung dieser Daten zu Ihrem Google-Account w\u00fcnschen, loggen Sie sich bitte vor dem Besuch unserer Seite bei Google aus. Interaktionen, insbesondere das Nutzen einer Kommentarfunktion oder \u201eTeilen\u201c-Buttons werden ebenfalls an Google weitergegeben. Mehr erfahren Sie unter <a href=\"http:\/\/www.google.de\/intl\/de\/policies\/privacy\" target=\"_blank\" rel=\"noopener\" style=\"color: #696969;\">www.google.de\/intl\/de\/policies\/privacy<\/a>.<\/span><\/p>\n<p><span style=\"color: #696969;\"><strong>\u00c4nderung\/Anpassung dieser Datenschutzerkl\u00e4rung<\/strong><\/span><br \/><span style=\"color: #696969;\">Die Betreiberin des Internetauftrittes \u201ewww.graf-verpackungen.de&#8220; beh\u00e4lt sich vor, diese Datenschutzerkl\u00e4rung bei Bedarf zu \u00e4ndern\/anzupassen.<\/span><\/p>\n<p><span style=\"color: #696969;\">Dinkelsb\u00fchl im Februar 2022<\/span><\/p>\n<p>[\/et_pb_text][\/et_pb_column][\/et_pb_row][\/et_pb_section]<\/p>\n","protected":false},"excerpt":{"rendered":"<p>Datenschutzerkl\u00e4rungVerantwortlich f\u00fcr den Inhalt des Internetauftrittes \u201ewww.graf-verpackungen.de&#8220; FirmenbezeichnungGraf Verpackungen GmbH Gesch\u00e4ftsf\u00fchrende GesellschafterinFrau Grundrun Adelhof(im Folgenden Betreiberin genannt) AnschriftAmperestra\u00dfe 7D-91550 Dinkelsb\u00fchl KontaktFon +49 (0) 98 51 55 14 70Fax +49 (0) 98 5 55 14 75E-Mail: kontakt@graf-verpackungen.de Konzeption und RealisationBiSe grafic &amp; more, 38379 Wolsdorf Bildquellen: www.pixabay.com Gegenstand dieser Datenschutzerkl\u00e4rungIn dieser Datenschutzerkl\u00e4rung sind die Grunds\u00e4tze zusammengefasst, [&hellip;]<\/p>\n","protected":false},"author":1,"featured_media":0,"parent":0,"menu_order":0,"comment_status":"closed","ping_status":"closed","template":"","meta":{"_et_pb_use_builder":"on","_et_pb_old_content":"<!-- wp:heading {\"align\":\"wide\",\"style\":{\"typography\":{\"lineHeight\":\"1.1\"}},\"className\":\"has-text-align-wide\",\"fontSize\":\"gigantic\"} -->\n<h2 class=\"alignwide has-text-align-wide has-gigantic-font-size\" style=\"line-height:1.1\">Gestalte deine Website mit Bl\u00f6cken<\/h2>\n<!-- \/wp:heading -->\n\n<!-- wp:spacer -->\n<div style=\"height:100px\" aria-hidden=\"true\" class=\"wp-block-spacer\"><\/div>\n<!-- \/wp:spacer -->\n\n<!-- wp:columns {\"verticalAlignment\":\"center\",\"align\":\"wide\",\"className\":\"is-style-twentytwentyone-columns-overlap\"} -->\n<div class=\"wp-block-columns alignwide are-vertically-aligned-center is-style-twentytwentyone-columns-overlap\"><!-- wp:column {\"verticalAlignment\":\"center\"} -->\n<div class=\"wp-block-column is-vertically-aligned-center\"><!-- wp:image {\"align\":\"full\",\"sizeSlug\":\"large\"} -->\n<figure class=\"wp-block-image alignfull size-large\"><img src=\"https:\/\/www.graf-verpackungen.de\/wp-content\/themes\/twentytwentyone\/assets\/images\/roses-tremieres-hollyhocks-1884.jpg\" alt=\"\u201eRoses Tr\u00e9mi\u00e8res (Stockrosen)\u201c von Berthe Morisot\"\/><\/figure>\n<!-- \/wp:image -->\n\n<!-- wp:spacer -->\n<div style=\"height:100px\" aria-hidden=\"true\" class=\"wp-block-spacer\"><\/div>\n<!-- \/wp:spacer -->\n\n<!-- wp:image {\"align\":\"full\",\"sizeSlug\":\"large\",\"className\":\"is-style-twentytwentyone-image-frame\"} -->\n<figure class=\"wp-block-image alignfull size-large is-style-twentytwentyone-image-frame\"><img src=\"https:\/\/www.graf-verpackungen.de\/wp-content\/themes\/twentytwentyone\/assets\/images\/in-the-bois-de-boulogne.jpg\" alt=\"\u201eIm Bois de Boulogne\u201c von Berthe Morisot\"\/><\/figure>\n<!-- \/wp:image --><\/div>\n<!-- \/wp:column -->\n\n<!-- wp:column {\"verticalAlignment\":\"center\"} -->\n<div class=\"wp-block-column is-vertically-aligned-center\"><!-- wp:spacer -->\n<div style=\"height:100px\" aria-hidden=\"true\" class=\"wp-block-spacer\"><\/div>\n<!-- \/wp:spacer -->\n\n<!-- wp:image {\"sizeSlug\":\"large\",\"className\":\"alignfull size-full is-style-twentytwentyone-border\"} -->\n<figure class=\"wp-block-image size-large alignfull size-full is-style-twentytwentyone-border\"><img src=\"https:\/\/www.graf-verpackungen.de\/wp-content\/themes\/twentytwentyone\/assets\/images\/young-woman-in-mauve.jpg\" alt=\"\u201eJunge Frau in Mauve\u201c von Berthe Morisot\"\/><\/figure>\n<!-- \/wp:image --><\/div>\n<!-- \/wp:column --><\/div>\n<!-- \/wp:columns -->\n\n<!-- wp:spacer {\"height\":50} -->\n<div style=\"height:50px\" aria-hidden=\"true\" class=\"wp-block-spacer\"><\/div>\n<!-- \/wp:spacer -->\n\n<!-- wp:columns {\"verticalAlignment\":\"top\",\"align\":\"wide\"} -->\n<div class=\"wp-block-columns alignwide are-vertically-aligned-top\"><!-- wp:column {\"verticalAlignment\":\"top\"} -->\n<div class=\"wp-block-column is-vertically-aligned-top\"><!-- wp:heading {\"level\":3} -->\n<h3>F\u00fcge Block-Vorlagen ein<\/h3>\n<!-- \/wp:heading -->\n\n<!-- wp:paragraph -->\n<p>Block-Vorlagen sind vorgefertigte Gruppen von Bl\u00f6cken. Um eine solche Vorlage hinzuzuf\u00fcgen, w\u00e4hle die Schaltfl\u00e4che Block hinzuf\u00fcgen [+] in der Symbolleiste oben im Editor. Wechsle zur Registerkarte \u201eVorlagen\u201c unter der Suchleiste, und w\u00e4hle eine Mustervorlage aus.<\/p>\n<!-- \/wp:paragraph --><\/div>\n<!-- \/wp:column -->\n\n<!-- wp:column {\"verticalAlignment\":\"top\"} -->\n<div class=\"wp-block-column is-vertically-aligned-top\"><!-- wp:heading {\"level\":3} -->\n<h3>Rahme deine Bilder<\/h3>\n<!-- \/wp:heading -->\n\n<!-- wp:paragraph -->\n<p>Twenty Twenty-One enth\u00e4lt stilvolle Umrandungen f\u00fcr Ihren Inhalt. Wenn ein Bildblock ausgew\u00e4hlt ist, \u00f6ffne den Bereich \u201eStile\u201c in der Seitenleiste des Editors. W\u00e4hle den Blockstil \u201eRahmen\u201c zum Aktivieren.<\/p>\n<!-- \/wp:paragraph --><\/div>\n<!-- \/wp:column -->\n\n<!-- wp:column {\"verticalAlignment\":\"top\"} -->\n<div class=\"wp-block-column is-vertically-aligned-top\"><!-- wp:heading {\"level\":3} -->\n<h3>\u00dcberlappe Spalten<\/h3>\n<!-- \/wp:heading -->\n\n<!-- wp:paragraph -->\n<p>Twenty Twenty-One enth\u00e4lt auch einen \u00dcberlappungsstil f\u00fcr Spaltenbl\u00f6cke. Wenn ein Spaltenblock ausgew\u00e4hlt ist, \u00f6ffne den Bereich \u201eStile\u201c in der Seitenleiste des Editors. W\u00e4hle den Blockstil \u201e\u00dcberlappung\u201c, um diesen auszuprobieren.<\/p>\n<!-- \/wp:paragraph --><\/div>\n<!-- \/wp:column --><\/div>\n<!-- \/wp:columns -->\n\n<!-- wp:spacer -->\n<div style=\"height:100px\" aria-hidden=\"true\" class=\"wp-block-spacer\"><\/div>\n<!-- \/wp:spacer -->\n\n<!-- wp:cover {\"overlayColor\":\"green\",\"contentPosition\":\"center center\",\"align\":\"wide\",\"className\":\"is-style-twentytwentyone-border\"} -->\n<div class=\"wp-block-cover alignwide has-green-background-color has-background-dim is-style-twentytwentyone-border\"><div class=\"wp-block-cover__inner-container\"><!-- wp:spacer {\"height\":20} -->\n<div style=\"height:20px\" aria-hidden=\"true\" class=\"wp-block-spacer\"><\/div>\n<!-- \/wp:spacer -->\n\n<!-- wp:paragraph {\"fontSize\":\"huge\"} -->\n<p class=\"has-huge-font-size\">Brauchst du Hilfe?<\/p>\n<!-- \/wp:paragraph -->\n\n<!-- wp:spacer {\"height\":75} -->\n<div style=\"height:75px\" aria-hidden=\"true\" class=\"wp-block-spacer\"><\/div>\n<!-- \/wp:spacer -->\n\n<!-- wp:columns -->\n<div class=\"wp-block-columns\"><!-- wp:column -->\n<div class=\"wp-block-column\"><!-- wp:paragraph -->\n<p><a href=\"https:\/\/wordpress.org\/support\/article\/twenty-twenty-one\/\">Lies die Theme-Dokumentation<\/a><\/p>\n<!-- \/wp:paragraph --><\/div>\n<!-- \/wp:column -->\n\n<!-- wp:column -->\n<div class=\"wp-block-column\"><!-- wp:paragraph -->\n<p><a href=\"https:\/\/wordpress.org\/support\/theme\/twentytwentyone\/\">Besuche die Support-Foren<\/a><\/p>\n<!-- \/wp:paragraph --><\/div>\n<!-- \/wp:column --><\/div>\n<!-- \/wp:columns -->\n\n<!-- wp:spacer {\"height\":20} -->\n<div style=\"height:20px\" aria-hidden=\"true\" class=\"wp-block-spacer\"><\/div>\n<!-- \/wp:spacer --><\/div><\/div>\n<!-- \/wp:cover -->","_et_gb_content_width":"","footnotes":""},"class_list":["post-614","page","type-page","status-publish","hentry"],"yoast_head":"<!-- This site is optimized with the Yoast SEO plugin v27.5 - https:\/\/yoast.com\/product\/yoast-seo-wordpress\/ -->\n<title>Datenschutz - Graf Verpackungen GmbH<\/title>\n<meta name=\"robots\" content=\"index, follow, max-snippet:-1, max-image-preview:large, max-video-preview:-1\" \/>\n<link rel=\"canonical\" href=\"https:\/\/www.graf-verpackungen.de\/en\/datenschutz\/\" \/>\n<meta property=\"og:locale\" content=\"en_GB\" \/>\n<meta property=\"og:type\" content=\"article\" \/>\n<meta property=\"og:title\" content=\"Datenschutz - Graf Verpackungen GmbH\" \/>\n<meta property=\"og:description\" content=\"Datenschutzerkl\u00e4rungVerantwortlich f\u00fcr den Inhalt des Internetauftrittes \u201ewww.graf-verpackungen.de&quot; FirmenbezeichnungGraf Verpackungen GmbH Gesch\u00e4ftsf\u00fchrende GesellschafterinFrau Grundrun Adelhof(im Folgenden Betreiberin genannt) AnschriftAmperestra\u00dfe 7D-91550 Dinkelsb\u00fchl KontaktFon +49 (0) 98 51 55 14 70Fax +49 (0) 98 5 55 14 75E-Mail: kontakt@graf-verpackungen.de Konzeption und RealisationBiSe grafic &amp; more, 38379 Wolsdorf Bildquellen: www.pixabay.com Gegenstand dieser Datenschutzerkl\u00e4rungIn dieser Datenschutzerkl\u00e4rung sind die Grunds\u00e4tze zusammengefasst, [&hellip;]\" \/>\n<meta property=\"og:url\" content=\"https:\/\/www.graf-verpackungen.de\/en\/datenschutz\/\" \/>\n<meta property=\"og:site_name\" content=\"Graf Verpackungen GmbH\" \/>\n<meta property=\"article:modified_time\" content=\"2022-05-25T05:56:52+00:00\" \/>\n<meta name=\"twitter:card\" content=\"summary_large_image\" \/>\n<meta name=\"twitter:label1\" content=\"Estimated reading time\" \/>\n\t<meta name=\"twitter:data1\" content=\"7 minutes\" \/>\n<script type=\"application\/ld+json\" class=\"yoast-schema-graph\">{\"@context\":\"https:\\\/\\\/schema.org\",\"@graph\":[{\"@type\":\"WebPage\",\"@id\":\"https:\\\/\\\/www.graf-verpackungen.de\\\/datenschutz\\\/\",\"url\":\"https:\\\/\\\/www.graf-verpackungen.de\\\/datenschutz\\\/\",\"name\":\"Datenschutz - Graf Verpackungen GmbH\",\"isPartOf\":{\"@id\":\"https:\\\/\\\/www.graf-verpackungen.de\\\/#website\"},\"datePublished\":\"2022-02-11T11:26:46+00:00\",\"dateModified\":\"2022-05-25T05:56:52+00:00\",\"breadcrumb\":{\"@id\":\"https:\\\/\\\/www.graf-verpackungen.de\\\/datenschutz\\\/#breadcrumb\"},\"inLanguage\":\"en-GB\",\"potentialAction\":[{\"@type\":\"ReadAction\",\"target\":[\"https:\\\/\\\/www.graf-verpackungen.de\\\/datenschutz\\\/\"]}]},{\"@type\":\"BreadcrumbList\",\"@id\":\"https:\\\/\\\/www.graf-verpackungen.de\\\/datenschutz\\\/#breadcrumb\",\"itemListElement\":[{\"@type\":\"ListItem\",\"position\":1,\"name\":\"Startseite\",\"item\":\"https:\\\/\\\/www.graf-verpackungen.de\\\/\"},{\"@type\":\"ListItem\",\"position\":2,\"name\":\"Datenschutz\"}]},{\"@type\":\"WebSite\",\"@id\":\"https:\\\/\\\/www.graf-verpackungen.de\\\/#website\",\"url\":\"https:\\\/\\\/www.graf-verpackungen.de\\\/\",\"name\":\"Graf Verpackungen GmbH\",\"description\":\"\",\"publisher\":{\"@id\":\"https:\\\/\\\/www.graf-verpackungen.de\\\/#organization\"},\"potentialAction\":[{\"@type\":\"SearchAction\",\"target\":{\"@type\":\"EntryPoint\",\"urlTemplate\":\"https:\\\/\\\/www.graf-verpackungen.de\\\/?s={search_term_string}\"},\"query-input\":{\"@type\":\"PropertyValueSpecification\",\"valueRequired\":true,\"valueName\":\"search_term_string\"}}],\"inLanguage\":\"en-GB\"},{\"@type\":\"Organization\",\"@id\":\"https:\\\/\\\/www.graf-verpackungen.de\\\/#organization\",\"name\":\"Graf Verpackungen GmbH\",\"url\":\"https:\\\/\\\/www.graf-verpackungen.de\\\/\",\"logo\":{\"@type\":\"ImageObject\",\"inLanguage\":\"en-GB\",\"@id\":\"https:\\\/\\\/www.graf-verpackungen.de\\\/#\\\/schema\\\/logo\\\/image\\\/\",\"url\":\"https:\\\/\\\/www.graf-verpackungen.de\\\/wp-content\\\/uploads\\\/2022\\\/01\\\/logo250x86.png\",\"contentUrl\":\"https:\\\/\\\/www.graf-verpackungen.de\\\/wp-content\\\/uploads\\\/2022\\\/01\\\/logo250x86.png\",\"width\":250,\"height\":86,\"caption\":\"Graf Verpackungen GmbH\"},\"image\":{\"@id\":\"https:\\\/\\\/www.graf-verpackungen.de\\\/#\\\/schema\\\/logo\\\/image\\\/\"}}]}<\/script>\n<!-- \/ Yoast SEO plugin. -->","yoast_head_json":{"title":"Datenschutz - Graf Verpackungen GmbH","robots":{"index":"index","follow":"follow","max-snippet":"max-snippet:-1","max-image-preview":"max-image-preview:large","max-video-preview":"max-video-preview:-1"},"canonical":"https:\/\/www.graf-verpackungen.de\/en\/datenschutz\/","og_locale":"en_GB","og_type":"article","og_title":"Datenschutz - Graf Verpackungen GmbH","og_description":"Datenschutzerkl\u00e4rungVerantwortlich f\u00fcr den Inhalt des Internetauftrittes \u201ewww.graf-verpackungen.de\" FirmenbezeichnungGraf Verpackungen GmbH Gesch\u00e4ftsf\u00fchrende GesellschafterinFrau Grundrun Adelhof(im Folgenden Betreiberin genannt) AnschriftAmperestra\u00dfe 7D-91550 Dinkelsb\u00fchl KontaktFon +49 (0) 98 51 55 14 70Fax +49 (0) 98 5 55 14 75E-Mail: kontakt@graf-verpackungen.de Konzeption und RealisationBiSe grafic &amp; more, 38379 Wolsdorf Bildquellen: www.pixabay.com Gegenstand dieser Datenschutzerkl\u00e4rungIn dieser Datenschutzerkl\u00e4rung sind die Grunds\u00e4tze zusammengefasst, [&hellip;]","og_url":"https:\/\/www.graf-verpackungen.de\/en\/datenschutz\/","og_site_name":"Graf Verpackungen GmbH","article_modified_time":"2022-05-25T05:56:52+00:00","twitter_card":"summary_large_image","twitter_misc":{"Estimated reading time":"7 minutes"},"schema":{"@context":"https:\/\/schema.org","@graph":[{"@type":"WebPage","@id":"https:\/\/www.graf-verpackungen.de\/datenschutz\/","url":"https:\/\/www.graf-verpackungen.de\/datenschutz\/","name":"Datenschutz - Graf Verpackungen GmbH","isPartOf":{"@id":"https:\/\/www.graf-verpackungen.de\/#website"},"datePublished":"2022-02-11T11:26:46+00:00","dateModified":"2022-05-25T05:56:52+00:00","breadcrumb":{"@id":"https:\/\/www.graf-verpackungen.de\/datenschutz\/#breadcrumb"},"inLanguage":"en-GB","potentialAction":[{"@type":"ReadAction","target":["https:\/\/www.graf-verpackungen.de\/datenschutz\/"]}]},{"@type":"BreadcrumbList","@id":"https:\/\/www.graf-verpackungen.de\/datenschutz\/#breadcrumb","itemListElement":[{"@type":"ListItem","position":1,"name":"Startseite","item":"https:\/\/www.graf-verpackungen.de\/"},{"@type":"ListItem","position":2,"name":"Datenschutz"}]},{"@type":"WebSite","@id":"https:\/\/www.graf-verpackungen.de\/#website","url":"https:\/\/www.graf-verpackungen.de\/","name":"Graf Verpackungen GmbH","description":"","publisher":{"@id":"https:\/\/www.graf-verpackungen.de\/#organization"},"potentialAction":[{"@type":"SearchAction","target":{"@type":"EntryPoint","urlTemplate":"https:\/\/www.graf-verpackungen.de\/?s={search_term_string}"},"query-input":{"@type":"PropertyValueSpecification","valueRequired":true,"valueName":"search_term_string"}}],"inLanguage":"en-GB"},{"@type":"Organization","@id":"https:\/\/www.graf-verpackungen.de\/#organization","name":"Graf Verpackungen GmbH","url":"https:\/\/www.graf-verpackungen.de\/","logo":{"@type":"ImageObject","inLanguage":"en-GB","@id":"https:\/\/www.graf-verpackungen.de\/#\/schema\/logo\/image\/","url":"https:\/\/www.graf-verpackungen.de\/wp-content\/uploads\/2022\/01\/logo250x86.png","contentUrl":"https:\/\/www.graf-verpackungen.de\/wp-content\/uploads\/2022\/01\/logo250x86.png","width":250,"height":86,"caption":"Graf Verpackungen GmbH"},"image":{"@id":"https:\/\/www.graf-verpackungen.de\/#\/schema\/logo\/image\/"}}]}},"_links":{"self":[{"href":"https:\/\/www.graf-verpackungen.de\/en\/wp-json\/wp\/v2\/pages\/614","targetHints":{"allow":["GET"]}}],"collection":[{"href":"https:\/\/www.graf-verpackungen.de\/en\/wp-json\/wp\/v2\/pages"}],"about":[{"href":"https:\/\/www.graf-verpackungen.de\/en\/wp-json\/wp\/v2\/types\/page"}],"author":[{"embeddable":true,"href":"https:\/\/www.graf-verpackungen.de\/en\/wp-json\/wp\/v2\/users\/1"}],"replies":[{"embeddable":true,"href":"https:\/\/www.graf-verpackungen.de\/en\/wp-json\/wp\/v2\/comments?post=614"}],"version-history":[{"count":24,"href":"https:\/\/www.graf-verpackungen.de\/en\/wp-json\/wp\/v2\/pages\/614\/revisions"}],"predecessor-version":[{"id":2193,"href":"https:\/\/www.graf-verpackungen.de\/en\/wp-json\/wp\/v2\/pages\/614\/revisions\/2193"}],"wp:attachment":[{"href":"https:\/\/www.graf-verpackungen.de\/en\/wp-json\/wp\/v2\/media?parent=614"}],"curies":[{"name":"wp","href":"https:\/\/api.w.org\/{rel}","templated":true}]}}